{"id":1664,"date":"2023-04-27T08:40:55","date_gmt":"2023-04-27T06:40:55","guid":{"rendered":"https:\/\/du-starkimnorden.de\/wordpress\/?page_id=1664"},"modified":"2025-03-07T09:01:56","modified_gmt":"2025-03-07T08:01:56","slug":"informieren","status":"publish","type":"page","link":"https:\/\/du-starkimnorden.de\/wordpress\/informieren\/","title":{"rendered":"Informieren"},"content":{"rendered":"<p><\/p><section class=\"ffb-id-68v1pfcl fg-section fg-text-light\"><div class=\"fg-container container-fluid fg-container-fluid fg-container-lvl--1 fg-container-no-padding\"><div class=\"fg-row row fg-row-no-gutter   \"><div class=\"ffb-id-68v1pfcm fg-col col-xs-12 col-md-12 fg-text-light\"><section class=\"ffb-id-68v1pfco i-banner-v3 text-left fg-text-light\"><div class=\"i-banner-v3-wrap\"><div class=\"container\"><div class=\"i-banner-v3-content\"><span class=\"i-banner-v3-subtitle fg-text-light ffb-sub-title-1\"><\/span><div class=\"i-banner-v3-title ff-richtext fg-text-light ffb-title-2\"><\/div><p class=\"i-banner-v3-text fg-text-light ffb-description-3\"><\/p><\/div><\/div><\/div><\/section><\/div><\/div><\/div><\/section><style>.ffb-id-68v1pfcl ,.ffb-id-68v1pfcl:before,.ffb-id-68v1pfcl:after,.ffb-id-68v1pfcl *,.ffb-id-68v1pfcl *:before,.ffb-id-68v1pfcl *:after{ color: #ffffff !important;}.ffb-id-68v1pfco{ background-image: url(\"https:\/\/du-starkimnorden.de\/wordpress\/wp-content\/uploads\/2024\/06\/2024-06-22-13-27-28-scaled-e1719251506649.jpeg\");}.ffb-id-68v1pfco{ min-height: 600px;}.ffb-id-68v1pfco{ margin-bottom: 0px;}.ffb-id-68v1pfco ,.ffb-id-68v1pfco:before,.ffb-id-68v1pfco:after,.ffb-id-68v1pfco *,.ffb-id-68v1pfco *:before,.ffb-id-68v1pfco *:after{ color: #e4880b !important;}@media (min-width:1200px) { .ffb-id-68v1pfco{ font-size: 36px !important;}}@media (min-width:1200px) { .ffb-id-68v1pfco ,.ffb-id-68v1pfco:before,.ffb-id-68v1pfco:after,.ffb-id-68v1pfco:hover,.ffb-id-68v1pfco:focus,.ffb-id-68v1pfco *,.ffb-id-68v1pfco *:before,.ffb-id-68v1pfco *:after,.ffb-id-68v1pfco *:hover,.ffb-id-68v1pfco *:focus{ font-size: 36px !important;}}<\/style><script type=\"text\/javascript\"><\/script><section class=\"ffb-id-6n11e0dh fg-section fg-el-has-bg fg-text-dark\"><span class=\"fg-bg\"><span data-fg-bg=\"{&quot;type&quot;:&quot;color&quot;,&quot;opacity&quot;:1,&quot;color&quot;:&quot;#e4880b&quot;}\" class=\"fg-bg-layer fg-bg-type-color \" style=\"opacity: 1; background-color: #e4880b;\"><\/span><\/span><div class=\"fg-container container-fluid fg-container-fluid fg-container-lvl--1 \"><div class=\"fg-row row    \"><div class=\"ffb-id-6n11e0di fg-col col-xs-12 col-md-12 fg-text-dark\"><section class=\"ffb-id-6n11e0dl section-heading fg-text-dark\"><div class=\"ff-richtext h2 fg-text-dark ffb-h2-1\">\n<p style=\"text-align: left\">Aktu\u00adel\u00adle Infor\u00adma\u00adtio\u00adnen zum Modell\u00advor\u00adha\u00adben<\/p>\n<p><\/p><\/div><div class=\"ff-richtext paragraph fg-text-dark ffb-paragraph-2\">\n<p style=\"text-align: left\">Stark im Nor\u00adden ist ein viel\u00adsei\u00adti\u00adges Pro\u00adjekt mit vie\u00adlen Teil\u00adpro\u00adjek\u00adten und Mit\u00adwir\u00adkungs\u00adm\u00f6g\u00adlich\u00adkei\u00adten. So gibt es die M\u00f6g\u00adlich\u00adkeit, bereits Ideen in die Pla\u00adnung ein\u00adzu\u00adbrin\u00adgen aber genau\u00adso auch in der Bele\u00adbung der mit\u00adzu\u00adwir\u00adken. Wir infor\u00admie\u00adren Sie auch \u00fcber aktu\u00adel\u00adle Ent\u00adwick\u00adlun\u00adgen auf den zahl\u00adrei\u00adchen Bau\u00adstel\u00adlen des Pro\u00adjekts. Die Infor\u00adma\u00adtio\u00adnen sol\u00adlen \u00fcber eine breit auf\u00adge\u00adstell\u00adte \u00d6ffent\u00adlich\u00adkeits\u00adar\u00adbeit f\u00fcr m\u00f6g\u00adlichst vie\u00adle Ziel\u00adgrup\u00adpen auf\u00adbe\u00adrei\u00adtet wer\u00adden, so dass jede*r die f\u00fcr ihn\/sie rele\u00advan\u00adten Infor\u00adma\u00adtio\u00adnen fin\u00addet. Neben einer Mehr\u00adspra\u00adchig\u00adkeit vie\u00adler For\u00adma\u00adte soll vor allem die\u00adse Inter\u00adnet\u00adsei\u00adte Infor\u00adma\u00adtio\u00adnen geb\u00fcn\u00addelt bereit\u00adstel\u00adlen. Dar\u00ad\u00fcber hin\u00adaus wird ein Insta\u00adgra\u00adm\u00adac\u00adcount genutzt.<\/p>\n<p style=\"text-align: left\">Zum Kon\u00adzept f\u00fcr die \u00d6ffent\u00adlich\u00adkeits\u00adar\u00adbeit und Betei\u00adli\u00adgung sowie zu den Leit\u00adli\u00adni\u00aden gelan\u00adgen Sie <span style=\"text-decoration: underline\"><a href=\"https:\/\/du-starkimnorden.de\/wordpress\/tp1\/\">hier\u2026<\/a><\/span><\/p>\n<p style=\"text-align: left\">Besu\u00adchen Sie regel\u00adm\u00e4\u00ad\u00dfig unse\u00adre Web\u00adsite, nut\u00adzen Sie unse\u00adren <a href=\"https:\/\/du-starkimnorden.de\/wordpress\/\">News\u00adlet\u00adter<\/a> oder fol\u00adgen Sie uns auf Insta\u00adgram (#stark\u00adim\u00adnor\u00adden).<\/p>\n<p><\/p><\/div><p class=\"fg-text-dark ffb-paragraph-3\"><\/p><\/section><section class=\"ffb-id-6n11e0dm blog-slider-1 fg-text-dark\"><div class=\"owl-carousel owl-carousel-l-news-v1\" data-slider=\"{&quot;loop&quot;:true,&quot;autoplay&quot;:false,&quot;stagePadding&quot;:&quot;100&quot;,&quot;autoplaySpeed&quot;:&quot;4000&quot;,&quot;speed&quot;:&quot;450&quot;,&quot;slideMargin&quot;:&quot;30&quot;,&quot;hoverPause&quot;:true,&quot;xs&quot;:&quot;1&quot;,&quot;sm&quot;:&quot;2&quot;,&quot;md&quot;:&quot;3&quot;,&quot;lg&quot;:&quot;4&quot;}\"><div class=\"item\"><div id=\"post-8080\" class=\"l-news-v1 post-wrapper post-8080 post type-post status-publish format-standard has-post-thumbnail hentry category-alt-hamborn category-beteiligungen category-news-alt-hamborn category-stadtteilbuero-alt-hamborn tag-alt-hamborn fg-text-dark ffb-post-wrapper\"><a href=\"https:\/\/du-starkimnorden.de\/wordpress\/inklusives-stadtteilfest-alt-hamborn-am-09-05-2026\/\" class=\"ff-post-featured-image-link-wrapper fg-text-dark ffb-featured-area-1\"><img decoding=\"async\" class=\" img-responsive full-width  img-responsive full-width ff-post-featured-image\" src=\"https:\/\/du-starkimnorden.de\/wordpress\/wp-content\/uploads\/freshizer\/2710d39bf550c5c8b8079c0f83cfdcdb_1-768-432-c-90.jpg\" alt=\"1\"><\/a><div class=\"l-news-v1-media\"><h4 class=\"l-news-v1-title fg-text-dark ffb-title-2\"><a class href=\"https:\/\/du-starkimnorden.de\/wordpress\/inklusives-stadtteilfest-alt-hamborn-am-09-05-2026\/\">Inklusives Stadtteilfest Alt-Hamborn am 09.05.2026<\/a><\/h4><span class=\"l-news-v1-day fg-text-dark ffb-meta-data-3\"><span class=\"ff-meta-item  fg-text-dark ffb-date-3-1\">30 April, 2026<\/span><\/span><\/div><\/div><\/div><div class=\"item\"><div id=\"post-7996\" class=\"l-news-v1 post-wrapper post-7996 post type-post status-publish format-standard has-post-thumbnail hentry category-beteiligungen category-marxloh category-news-marxloh category-stadtteilbuero-marxloh category-tp1 tag-marxloh fg-text-dark ffb-post-wrapper\"><a href=\"https:\/\/du-starkimnorden.de\/wordpress\/rueckblick-zur-kleinen-eroeffnungsaktion-des-social-sofas-in-marxloh\/\" class=\"ff-post-featured-image-link-wrapper fg-text-dark ffb-featured-area-1\"><img decoding=\"async\" class=\" img-responsive full-width  img-responsive full-width ff-post-featured-image\" src=\"https:\/\/du-starkimnorden.de\/wordpress\/wp-content\/uploads\/freshizer\/fb882b0e28b42cffc0ed38efdd6ac685_Social-Sofa_3-2-scaled-768-432-c-90.jpeg\" alt=\"Social Sofa_(3)\"><\/a><div class=\"l-news-v1-media\"><h4 class=\"l-news-v1-title fg-text-dark ffb-title-2\"><a class href=\"https:\/\/du-starkimnorden.de\/wordpress\/rueckblick-zur-kleinen-eroeffnungsaktion-des-social-sofas-in-marxloh\/\">R\u00fcckblick zur kleinen Er\u00f6ffnungsaktion des Social Sofas in Marxloh vor dem Stadtteilb\u00fcro<\/a><\/h4><span class=\"l-news-v1-day fg-text-dark ffb-meta-data-3\"><span class=\"ff-meta-item  fg-text-dark ffb-date-3-1\">17 April, 2026<\/span><\/span><\/div><\/div><\/div><div class=\"item\"><div id=\"post-7986\" class=\"l-news-v1 post-wrapper post-7986 post type-post status-publish format-standard has-post-thumbnail hentry category-beteiligungen category-marxloh category-news-marxloh category-tp10 category-tp12 category-wettbewerb-tp10-12 tag-marxloh fg-text-dark ffb-post-wrapper\"><a href=\"https:\/\/du-starkimnorden.de\/wordpress\/entwurfserlaeuterungen-aus-erster-hand-die-beitraege-der-drei-erstplatzierten-landschaftsarchitekturbueros-zum-friedrich-park-und-bewegungsparcours\/\" class=\"ff-post-featured-image-link-wrapper fg-text-dark ffb-featured-area-1\"><img decoding=\"async\" class=\" img-responsive full-width  img-responsive full-width ff-post-featured-image\" src=\"https:\/\/du-starkimnorden.de\/wordpress\/wp-content\/uploads\/freshizer\/cec97a0ffc12c4e8fe5c36a1a12425e4_Friedrich-Park_Foto-fuer-Newsbeitrag-768-432-c-90.jpg\" alt=\"Friedrich-Park_Foto fu\u0308r Newsbeitrag\"><\/a><div class=\"l-news-v1-media\"><h4 class=\"l-news-v1-title fg-text-dark ffb-title-2\"><a class href=\"https:\/\/du-starkimnorden.de\/wordpress\/entwurfserlaeuterungen-aus-erster-hand-die-beitraege-der-drei-erstplatzierten-landschaftsarchitekturbueros-zum-friedrich-park-und-bewegungsparcours\/\">Entwurfserl\u00e4uterungen aus erster Hand \u2013 die Beitr\u00e4ge der drei erstplatzierten Landschaftsarchitekturb\u00fcros zum Friedrich-Park und Bewegungsparcours<\/a><\/h4><span class=\"l-news-v1-day fg-text-dark ffb-meta-data-3\"><span class=\"ff-meta-item  fg-text-dark ffb-date-3-1\">9 April, 2026<\/span><\/span><\/div><\/div><\/div><div class=\"item\"><div id=\"post-7931\" class=\"l-news-v1 post-wrapper post-7931 post type-post status-publish format-standard has-post-thumbnail hentry category-alt-hamborn category-beteiligungen category-news-alt-hamborn category-stadtteilbuero-alt-hamborn tag-alt-hamborn fg-text-dark ffb-post-wrapper\"><a href=\"https:\/\/du-starkimnorden.de\/wordpress\/ausstellung-hamborner-perspektiven-bilder-aus-drei-generationen-von-kuenstler-stephanus-schmitz-im-stadtteilbuero-alt-hamborn\/\" class=\"ff-post-featured-image-link-wrapper fg-text-dark ffb-featured-area-1\"><img decoding=\"async\" class=\" img-responsive full-width  img-responsive full-width ff-post-featured-image\" src=\"https:\/\/du-starkimnorden.de\/wordpress\/wp-content\/uploads\/freshizer\/637d51cbfabbcfc8094d4a69315c9508_Plakat-Stephanus-Ausstellung-1000-x-500-px-768-432-c-90.png\" alt=\"Plakat Stephanus Ausstellung (1000 x 500 px)\"><\/a><div class=\"l-news-v1-media\"><h4 class=\"l-news-v1-title fg-text-dark ffb-title-2\"><a class href=\"https:\/\/du-starkimnorden.de\/wordpress\/ausstellung-hamborner-perspektiven-bilder-aus-drei-generationen-von-kuenstler-stephanus-schmitz-im-stadtteilbuero-alt-hamborn\/\">Ausstellung \u201cHamborner Perspektiven \u2014 Bilder aus drei Generationen\u201d von K\u00fcnstler Stephanus Schmitz im Stadtteilb\u00fcro Alt-Hamborn<\/a><\/h4><span class=\"l-news-v1-day fg-text-dark ffb-meta-data-3\"><span class=\"ff-meta-item  fg-text-dark ffb-date-3-1\">7 April, 2026<\/span><\/span><\/div><\/div><\/div><div class=\"item\"><div id=\"post-7938\" class=\"l-news-v1 post-wrapper post-7938 post type-post status-publish format-standard has-post-thumbnail hentry category-beteiligungen category-marxloh category-news-marxloh category-stadtteilbuero-marxloh category-tp1 category-tp2 tag-marxloh fg-text-dark ffb-post-wrapper\"><a href=\"https:\/\/du-starkimnorden.de\/wordpress\/das-quartiersmanagement-marxloh-und-das-beteiligungsmobil-beim-cleanup-day-marxloh\/\" class=\"ff-post-featured-image-link-wrapper fg-text-dark ffb-featured-area-1\"><img decoding=\"async\" class=\" img-responsive full-width  img-responsive full-width ff-post-featured-image\" src=\"https:\/\/du-starkimnorden.de\/wordpress\/wp-content\/uploads\/freshizer\/b2019a4eed35a8451d472a87d7f8f642_11975627-44e7-4662-ab0f-5a42895e289c1-scaled-768-432-c-90.jpg\" alt=\"11975627-44e7-4662-ab0f-5a42895e289c~1\"><\/a><div class=\"l-news-v1-media\"><h4 class=\"l-news-v1-title fg-text-dark ffb-title-2\"><a class href=\"https:\/\/du-starkimnorden.de\/wordpress\/das-quartiersmanagement-marxloh-und-das-beteiligungsmobil-beim-cleanup-day-marxloh\/\">Das Quartiersmanagement Marxloh und das Beteiligungsmobil zusammen beim Clean Up Day in Marxloh<\/a><\/h4><span class=\"l-news-v1-day fg-text-dark ffb-meta-data-3\"><span class=\"ff-meta-item  fg-text-dark ffb-date-3-1\">2 April, 2026<\/span><\/span><\/div><\/div><\/div><div class=\"item\"><div id=\"post-7943\" class=\"l-news-v1 post-wrapper post-7943 post type-post status-publish format-standard has-post-thumbnail hentry category-alt-hamborn category-beteiligungen category-news-alt-hamborn category-stadtteilbuero-alt-hamborn category-tp1 tag-alt-hamborn fg-text-dark ffb-post-wrapper\"><a href=\"https:\/\/du-starkimnorden.de\/wordpress\/rueckblick-zur-kreativen-fruehlingsaktion-im-stadtteilbuero-alt-hamborn\/\" class=\"ff-post-featured-image-link-wrapper fg-text-dark ffb-featured-area-1\"><img decoding=\"async\" class=\" img-responsive full-width  img-responsive full-width ff-post-featured-image\" src=\"https:\/\/du-starkimnorden.de\/wordpress\/wp-content\/uploads\/freshizer\/01152feea36bd8b55a7310b9c368e7cf_IMG_4325-scaled-768-432-c-90.jpeg\" alt=\"IMG_4325\"><\/a><div class=\"l-news-v1-media\"><h4 class=\"l-news-v1-title fg-text-dark ffb-title-2\"><a class href=\"https:\/\/du-starkimnorden.de\/wordpress\/rueckblick-zur-kreativen-fruehlingsaktion-im-stadtteilbuero-alt-hamborn\/\">R\u00fcckblick zur kreativen Fr\u00fchlingsaktion im Stadtteilb\u00fcro Alt-Hamborn<\/a><\/h4><span class=\"l-news-v1-day fg-text-dark ffb-meta-data-3\"><span class=\"ff-meta-item  fg-text-dark ffb-date-3-1\">2 April, 2026<\/span><\/span><\/div><\/div><\/div><div class=\"item\"><div id=\"post-7897\" class=\"l-news-v1 post-wrapper post-7897 post type-post status-publish format-standard has-post-thumbnail hentry category-beteiligungen category-marxloh category-news-marxloh category-stadtteilbuero-marxloh category-tp1 tag-marxloh fg-text-dark ffb-post-wrapper\"><a href=\"https:\/\/du-starkimnorden.de\/wordpress\/das-social-sofa-ist-fertig-und-die-eroeffnung-ist-am-15-04-vor-dem-stadtteilbuero-marxloh\/\" class=\"ff-post-featured-image-link-wrapper fg-text-dark ffb-featured-area-1\"><img decoding=\"async\" class=\" img-responsive full-width  img-responsive full-width ff-post-featured-image\" src=\"https:\/\/du-starkimnorden.de\/wordpress\/wp-content\/uploads\/freshizer\/c1901c1810e5642591fe20b5200102e1_1-1-768-432-c-90.jpg\" alt=\"1\"><\/a><div class=\"l-news-v1-media\"><h4 class=\"l-news-v1-title fg-text-dark ffb-title-2\"><a class href=\"https:\/\/du-starkimnorden.de\/wordpress\/das-social-sofa-ist-fertig-und-die-eroeffnung-ist-am-15-04-vor-dem-stadtteilbuero-marxloh\/\">Das Social Sofa ist fertig und die Er\u00f6ffnung ist am 15.04.26 vor dem Stadtteilb\u00fcro Marxloh<\/a><\/h4><span class=\"l-news-v1-day fg-text-dark ffb-meta-data-3\"><span class=\"ff-meta-item  fg-text-dark ffb-date-3-1\">26 M\u00e4rz, 2026<\/span><\/span><\/div><\/div><\/div><div class=\"item\"><div id=\"post-7883\" class=\"l-news-v1 post-wrapper post-7883 post type-post status-publish format-standard has-post-thumbnail hentry category-beteiligungen category-marxloh category-news-marxloh category-stadtteilbuero-marxloh category-tp10 category-tp12 tag-marxloh fg-text-dark ffb-post-wrapper\"><a href=\"https:\/\/du-starkimnorden.de\/wordpress\/kinder-gestalten-ein-baustellenbanner-fuer-den-kuenftigen-friedrich-park\/\" class=\"ff-post-featured-image-link-wrapper fg-text-dark ffb-featured-area-1\"><img decoding=\"async\" class=\" img-responsive full-width  img-responsive full-width ff-post-featured-image\" src=\"https:\/\/du-starkimnorden.de\/wordpress\/wp-content\/uploads\/freshizer\/c078bae8cd8307996b08ade9f020274d_111-scaled-768-432-c-90.jpg\" alt=\"111\"><\/a><div class=\"l-news-v1-media\"><h4 class=\"l-news-v1-title fg-text-dark ffb-title-2\"><a class href=\"https:\/\/du-starkimnorden.de\/wordpress\/kinder-gestalten-ein-baustellenbanner-fuer-den-kuenftigen-friedrich-park\/\">Kinder gestalten ein Baustellenbanner f\u00fcr den k\u00fcnftigen Friedrich-Park<\/a><\/h4><span class=\"l-news-v1-day fg-text-dark ffb-meta-data-3\"><span class=\"ff-meta-item  fg-text-dark ffb-date-3-1\">20 M\u00e4rz, 2026<\/span><\/span><\/div><\/div><\/div><div class=\"item\"><div id=\"post-7838\" class=\"l-news-v1 post-wrapper post-7838 post type-post status-publish format-standard has-post-thumbnail hentry category-alt-hamborn category-beteiligungen category-news-alt-hamborn category-stadtteilbuero-alt-hamborn tag-alt-hamborn fg-text-dark ffb-post-wrapper\"><a href=\"https:\/\/du-starkimnorden.de\/wordpress\/kreative-fruehlingsaktion-im-stadtteilbuero-alt-hamborn\/\" class=\"ff-post-featured-image-link-wrapper fg-text-dark ffb-featured-area-1\"><img decoding=\"async\" class=\" img-responsive full-width  img-responsive full-width ff-post-featured-image\" src=\"https:\/\/du-starkimnorden.de\/wordpress\/wp-content\/uploads\/freshizer\/9bb8bec59eea5bab6484d485bf86f5a9_Quer-scaled-768-432-c-90.png\" alt=\"Quer\"><\/a><div class=\"l-news-v1-media\"><h4 class=\"l-news-v1-title fg-text-dark ffb-title-2\"><a class href=\"https:\/\/du-starkimnorden.de\/wordpress\/kreative-fruehlingsaktion-im-stadtteilbuero-alt-hamborn\/\">Kreative Fr\u00fchlingsaktion im Stadtteilb\u00fcro Alt-Hamborn<\/a><\/h4><span class=\"l-news-v1-day fg-text-dark ffb-meta-data-3\"><span class=\"ff-meta-item  fg-text-dark ffb-date-3-1\">10 M\u00e4rz, 2026<\/span><\/span><\/div><\/div><\/div><div class=\"item\"><div id=\"post-7827\" class=\"l-news-v1 post-wrapper post-7827 post type-post status-publish format-standard has-post-thumbnail hentry category-beteiligungen category-marxloh category-news-marxloh category-stadtteilbuero-marxloh category-tp10 category-tp12 tag-marxloh fg-text-dark ffb-post-wrapper\"><a href=\"https:\/\/du-starkimnorden.de\/wordpress\/rueckblick-zur-dialogwerkstatt-zum-friedrich-park-und-dem-bewegungsparcours-im-campus-marxloh\/\" class=\"ff-post-featured-image-link-wrapper fg-text-dark ffb-featured-area-1\"><img decoding=\"async\" class=\" img-responsive full-width  img-responsive full-width ff-post-featured-image\" src=\"https:\/\/du-starkimnorden.de\/wordpress\/wp-content\/uploads\/freshizer\/931c069c2d5541a21ec164fc7d693fb2_Dialogwerkstatt_TP10-TP12-2_LHe-scaled-768-432-c-90.jpg\" alt=\"Dialogwerkstatt_TP10-TP12 (2)_LHe\"><\/a><div class=\"l-news-v1-media\"><h4 class=\"l-news-v1-title fg-text-dark ffb-title-2\"><a class href=\"https:\/\/du-starkimnorden.de\/wordpress\/rueckblick-zur-dialogwerkstatt-zum-friedrich-park-und-dem-bewegungsparcours-im-campus-marxloh\/\">R\u00fcckblick zur Dialogwerkstatt (am 05.03.) zum Friedrich-Park und dem Bewegungsparcours im Campus Marxloh<\/a><\/h4><span class=\"l-news-v1-day fg-text-dark ffb-meta-data-3\"><span class=\"ff-meta-item  fg-text-dark ffb-date-3-1\">9 M\u00e4rz, 2026<\/span><\/span><\/div><\/div><\/div><\/div><\/section><\/div><\/div><\/div><\/section><style>.ffb-id-68v1pfcl ,\n.ffb-id-68v1pfcl:before,\n.ffb-id-68v1pfcl:after,\n.ffb-id-68v1pfcl *,\n.ffb-id-68v1pfcl *:before,\n.ffb-id-68v1pfcl *:after{ \ncolor: #ffffff !important;\n}\n.ffb-id-68v1pfco{ \nbackground-image: url(\"https:\/\/du-starkimnorden.de\/wordpress\/wp-content\/uploads\/2024\/06\/2024-06-22-13-27-28-scaled-e1719251506649.jpeg\");\n}\n.ffb-id-68v1pfco{ \nmin-height: 600px;\n}\n.ffb-id-68v1pfco{ \nmargin-bottom: 0px;\n\n}\n.ffb-id-68v1pfco ,\n.ffb-id-68v1pfco:before,\n.ffb-id-68v1pfco:after,\n.ffb-id-68v1pfco *,\n.ffb-id-68v1pfco *:before,\n.ffb-id-68v1pfco *:after{ \ncolor: #e4880b !important;\n}\n@media (min-width:1200px) { \n.ffb-id-68v1pfco{ \nfont-size: 36px !important;\n}\n}@media (min-width:1200px) { \n.ffb-id-68v1pfco ,\n.ffb-id-68v1pfco:before,\n.ffb-id-68v1pfco:after,\n.ffb-id-68v1pfco:hover,\n.ffb-id-68v1pfco:focus,\n.ffb-id-68v1pfco *,\n.ffb-id-68v1pfco *:before,\n.ffb-id-68v1pfco *:after,\n.ffb-id-68v1pfco *:hover,\n.ffb-id-68v1pfco *:focus{ \nfont-size: 36px !important;\n}\n}.ffb-id-6n11e0dh{ padding-top: 80px;padding-bottom: 10px;}.ffb-id-6n11e0dh ,.ffb-id-6n11e0dh:before,.ffb-id-6n11e0dh:after,.ffb-id-6n11e0dh *,.ffb-id-6n11e0dh *:before,.ffb-id-6n11e0dh *:after{ color: #ffffff !important;}.ffb-id-6n11e0dm .l-news-v1{ background: #ffffff;}.ffb-id-6n11e0dm .owl-carousel-l-news-v1 .l-news-v1-title a:before{ background-color: rgba(127, 143, 50);}.ffb-id-6n11e0dm .owl-carousel-l-news-v1 .l-news-v1-day .ff-meta-item{ color: #727272;}.ffb-id-6n11e0dm .owl-carousel-l-news-v1 .l-news-v1-day .ff-meta-item a{ color: #727272;}.ffb-id-6n11e0dm .owl-carousel-l-news-v1 .l-news-v1-day .ff-meta-item a:hover{ color: #727272;}.ffb-id-6n11e0dm .owl-carousel-l-news-v1 .l-news-v1-day .ff-meta-separator{ color: #727272;}.ffb-id-6n11e0dm .owl-carousel-l-news-v1 .l-news-v1-day .ff-meta-icon{ color: #727272;}.ffb-id-6n11e0dm ,.ffb-id-6n11e0dm:before,.ffb-id-6n11e0dm:after,.ffb-id-6n11e0dm *,.ffb-id-6n11e0dm *:before,.ffb-id-6n11e0dm *:after{ color: #000000 !important;}.ffb-id-6n11e0dl{ padding-right: 50px;padding-left: 50px;}<\/style><script type=\"text\/javascript\"><\/script><style>.ffb-id-6n11e0dh{ \npadding-top: 80px;\npadding-bottom: 10px;\n\n}\n.ffb-id-6n11e0dh ,\n.ffb-id-6n11e0dh:before,\n.ffb-id-6n11e0dh:after,\n.ffb-id-6n11e0dh *,\n.ffb-id-6n11e0dh *:before,\n.ffb-id-6n11e0dh *:after{ \ncolor: #ffffff !important;\n}\n.ffb-id-6n11e0dm .l-news-v1{ \nbackground: #ffffff;\n}\n.ffb-id-6n11e0dm .owl-carousel-l-news-v1 .l-news-v1-title a:before{ \nbackground-color: rgba(127, 143, 50);\n}\n.ffb-id-6n11e0dm .owl-carousel-l-news-v1 .l-news-v1-day .ff-meta-item{ \ncolor: #727272;\n}\n.ffb-id-6n11e0dm .owl-carousel-l-news-v1 .l-news-v1-day .ff-meta-item a{ \ncolor: #727272;\n}\n.ffb-id-6n11e0dm .owl-carousel-l-news-v1 .l-news-v1-day .ff-meta-item a:hover{ \ncolor: #727272;\n}\n.ffb-id-6n11e0dm .owl-carousel-l-news-v1 .l-news-v1-day .ff-meta-separator{ \ncolor: #727272;\n}\n.ffb-id-6n11e0dm .owl-carousel-l-news-v1 .l-news-v1-day .ff-meta-icon{ \ncolor: #727272;\n}\n.ffb-id-6n11e0dm ,\n.ffb-id-6n11e0dm:before,\n.ffb-id-6n11e0dm:after,\n.ffb-id-6n11e0dm *,\n.ffb-id-6n11e0dm *:before,\n.ffb-id-6n11e0dm *:after{ \ncolor: #000000 !important;\n}\n.ffb-id-6n11e0dl{ \npadding-right: 50px;\npadding-left: 50px;\n\n}\n<\/style><script type=\"text\/javascript\"><\/script>\n","protected":false},"excerpt":{"rendered":"","protected":false},"author":1,"featured_media":0,"parent":0,"menu_order":0,"comment_status":"closed","ping_status":"closed","template":"","meta":{"wp_typography_post_enhancements_disabled":false,"footnotes":""},"categories":[],"tags":[],"class_list":["post-1664","page","type-page","status-publish","hentry","post-wrapper"],"acf":[],"yoast_head":"<!-- This site is optimized with the Yoast SEO plugin v27.5 - https:\/\/yoast.com\/product\/yoast-seo-wordpress\/ -->\n<title>Informieren - Stark im Norden<\/title>\n<meta name=\"robots\" content=\"index, follow, max-snippet:-1, max-image-preview:large, max-video-preview:-1\" \/>\n<link rel=\"canonical\" href=\"https:\/\/du-starkimnorden.de\/wordpress\/informieren\/\" \/>\n<meta property=\"og:locale\" content=\"de_DE\" \/>\n<meta property=\"og:type\" content=\"article\" \/>\n<meta property=\"og:title\" content=\"Informieren - Stark im Norden\" \/>\n<meta property=\"og:url\" content=\"https:\/\/du-starkimnorden.de\/wordpress\/informieren\/\" \/>\n<meta property=\"og:site_name\" content=\"Stark im Norden\" \/>\n<meta property=\"article:modified_time\" content=\"2025-03-07T08:01:56+00:00\" \/>\n<meta name=\"twitter:card\" content=\"summary_large_image\" \/>\n<meta name=\"twitter:label1\" content=\"Gesch\u00e4tzte Lesezeit\" \/>\n\t<meta name=\"twitter:data1\" content=\"9\u00a0Minuten\" \/>\n<script type=\"application\/ld+json\" class=\"yoast-schema-graph\">{\"@context\":\"https:\\\/\\\/schema.org\",\"@graph\":[{\"@type\":\"WebPage\",\"@id\":\"https:\\\/\\\/du-starkimnorden.de\\\/wordpress\\\/informieren\\\/\",\"url\":\"https:\\\/\\\/du-starkimnorden.de\\\/wordpress\\\/informieren\\\/\",\"name\":\"Informieren - Stark im Norden\",\"isPartOf\":{\"@id\":\"https:\\\/\\\/du-starkimnorden.de\\\/wordpress\\\/#website\"},\"datePublished\":\"2023-04-27T06:40:55+00:00\",\"dateModified\":\"2025-03-07T08:01:56+00:00\",\"breadcrumb\":{\"@id\":\"https:\\\/\\\/du-starkimnorden.de\\\/wordpress\\\/informieren\\\/#breadcrumb\"},\"inLanguage\":\"de\",\"potentialAction\":[{\"@type\":\"ReadAction\",\"target\":[\"https:\\\/\\\/du-starkimnorden.de\\\/wordpress\\\/informieren\\\/\"]}]},{\"@type\":\"BreadcrumbList\",\"@id\":\"https:\\\/\\\/du-starkimnorden.de\\\/wordpress\\\/informieren\\\/#breadcrumb\",\"itemListElement\":[{\"@type\":\"ListItem\",\"position\":1,\"name\":\"Startseite\",\"item\":\"https:\\\/\\\/du-starkimnorden.de\\\/wordpress\\\/\"},{\"@type\":\"ListItem\",\"position\":2,\"name\":\"Informieren\"}]},{\"@type\":\"WebSite\",\"@id\":\"https:\\\/\\\/du-starkimnorden.de\\\/wordpress\\\/#website\",\"url\":\"https:\\\/\\\/du-starkimnorden.de\\\/wordpress\\\/\",\"name\":\"Stark im Norden\",\"description\":\"QM Alt-Hamborn und Marxloh\",\"publisher\":{\"@id\":\"https:\\\/\\\/du-starkimnorden.de\\\/wordpress\\\/#organization\"},\"potentialAction\":[{\"@type\":\"SearchAction\",\"target\":{\"@type\":\"EntryPoint\",\"urlTemplate\":\"https:\\\/\\\/du-starkimnorden.de\\\/wordpress\\\/?s={search_term_string}\"},\"query-input\":{\"@type\":\"PropertyValueSpecification\",\"valueRequired\":true,\"valueName\":\"search_term_string\"}}],\"inLanguage\":\"de\"},{\"@type\":\"Organization\",\"@id\":\"https:\\\/\\\/du-starkimnorden.de\\\/wordpress\\\/#organization\",\"name\":\"Stark im Norden\",\"url\":\"https:\\\/\\\/du-starkimnorden.de\\\/wordpress\\\/\",\"logo\":{\"@type\":\"ImageObject\",\"inLanguage\":\"de\",\"@id\":\"https:\\\/\\\/du-starkimnorden.de\\\/wordpress\\\/#\\\/schema\\\/logo\\\/image\\\/\",\"url\":\"https:\\\/\\\/du-starkimnorden.de\\\/wordpress\\\/wp-content\\\/uploads\\\/2023\\\/04\\\/Logo_03.jpg\",\"contentUrl\":\"https:\\\/\\\/du-starkimnorden.de\\\/wordpress\\\/wp-content\\\/uploads\\\/2023\\\/04\\\/Logo_03.jpg\",\"width\":2000,\"height\":1199,\"caption\":\"Stark im Norden\"},\"image\":{\"@id\":\"https:\\\/\\\/du-starkimnorden.de\\\/wordpress\\\/#\\\/schema\\\/logo\\\/image\\\/\"},\"sameAs\":[\"https:\\\/\\\/www.instagram.com\\\/du_starkimnorden\\\/\"]}]}<\/script>\n<!-- \/ Yoast SEO plugin. -->","yoast_head_json":{"title":"Informieren - Stark im Norden","robots":{"index":"index","follow":"follow","max-snippet":"max-snippet:-1","max-image-preview":"max-image-preview:large","max-video-preview":"max-video-preview:-1"},"canonical":"https:\/\/du-starkimnorden.de\/wordpress\/informieren\/","og_locale":"de_DE","og_type":"article","og_title":"Informieren - Stark im Norden","og_url":"https:\/\/du-starkimnorden.de\/wordpress\/informieren\/","og_site_name":"Stark im Norden","article_modified_time":"2025-03-07T08:01:56+00:00","twitter_card":"summary_large_image","twitter_misc":{"Gesch\u00e4tzte Lesezeit":"9\u00a0Minuten"},"schema":{"@context":"https:\/\/schema.org","@graph":[{"@type":"WebPage","@id":"https:\/\/du-starkimnorden.de\/wordpress\/informieren\/","url":"https:\/\/du-starkimnorden.de\/wordpress\/informieren\/","name":"Informieren - Stark im Norden","isPartOf":{"@id":"https:\/\/du-starkimnorden.de\/wordpress\/#website"},"datePublished":"2023-04-27T06:40:55+00:00","dateModified":"2025-03-07T08:01:56+00:00","breadcrumb":{"@id":"https:\/\/du-starkimnorden.de\/wordpress\/informieren\/#breadcrumb"},"inLanguage":"de","potentialAction":[{"@type":"ReadAction","target":["https:\/\/du-starkimnorden.de\/wordpress\/informieren\/"]}]},{"@type":"BreadcrumbList","@id":"https:\/\/du-starkimnorden.de\/wordpress\/informieren\/#breadcrumb","itemListElement":[{"@type":"ListItem","position":1,"name":"Startseite","item":"https:\/\/du-starkimnorden.de\/wordpress\/"},{"@type":"ListItem","position":2,"name":"Informieren"}]},{"@type":"WebSite","@id":"https:\/\/du-starkimnorden.de\/wordpress\/#website","url":"https:\/\/du-starkimnorden.de\/wordpress\/","name":"Stark im Norden","description":"QM Alt-Hamborn und Marxloh","publisher":{"@id":"https:\/\/du-starkimnorden.de\/wordpress\/#organization"},"potentialAction":[{"@type":"SearchAction","target":{"@type":"EntryPoint","urlTemplate":"https:\/\/du-starkimnorden.de\/wordpress\/?s={search_term_string}"},"query-input":{"@type":"PropertyValueSpecification","valueRequired":true,"valueName":"search_term_string"}}],"inLanguage":"de"},{"@type":"Organization","@id":"https:\/\/du-starkimnorden.de\/wordpress\/#organization","name":"Stark im Norden","url":"https:\/\/du-starkimnorden.de\/wordpress\/","logo":{"@type":"ImageObject","inLanguage":"de","@id":"https:\/\/du-starkimnorden.de\/wordpress\/#\/schema\/logo\/image\/","url":"https:\/\/du-starkimnorden.de\/wordpress\/wp-content\/uploads\/2023\/04\/Logo_03.jpg","contentUrl":"https:\/\/du-starkimnorden.de\/wordpress\/wp-content\/uploads\/2023\/04\/Logo_03.jpg","width":2000,"height":1199,"caption":"Stark im Norden"},"image":{"@id":"https:\/\/du-starkimnorden.de\/wordpress\/#\/schema\/logo\/image\/"},"sameAs":["https:\/\/www.instagram.com\/du_starkimnorden\/"]}]}},"_links":{"self":[{"href":"https:\/\/du-starkimnorden.de\/wordpress\/wp-json\/wp\/v2\/pages\/1664","targetHints":{"allow":["GET"]}}],"collection":[{"href":"https:\/\/du-starkimnorden.de\/wordpress\/wp-json\/wp\/v2\/pages"}],"about":[{"href":"https:\/\/du-starkimnorden.de\/wordpress\/wp-json\/wp\/v2\/types\/page"}],"author":[{"embeddable":true,"href":"https:\/\/du-starkimnorden.de\/wordpress\/wp-json\/wp\/v2\/users\/1"}],"replies":[{"embeddable":true,"href":"https:\/\/du-starkimnorden.de\/wordpress\/wp-json\/wp\/v2\/comments?post=1664"}],"version-history":[{"count":10,"href":"https:\/\/du-starkimnorden.de\/wordpress\/wp-json\/wp\/v2\/pages\/1664\/revisions"}],"predecessor-version":[{"id":5329,"href":"https:\/\/du-starkimnorden.de\/wordpress\/wp-json\/wp\/v2\/pages\/1664\/revisions\/5329"}],"wp:attachment":[{"href":"https:\/\/du-starkimnorden.de\/wordpress\/wp-json\/wp\/v2\/media?parent=1664"}],"wp:term":[{"taxonomy":"category","embeddable":true,"href":"https:\/\/du-starkimnorden.de\/wordpress\/wp-json\/wp\/v2\/categories?post=1664"},{"taxonomy":"post_tag","embeddable":true,"href":"https:\/\/du-starkimnorden.de\/wordpress\/wp-json\/wp\/v2\/tags?post=1664"}],"curies":[{"name":"wp","href":"https:\/\/api.w.org\/{rel}","templated":true}]}}